{"id":2,"date":"2024-03-10T21:55:41","date_gmt":"2024-03-10T20:55:41","guid":{"rendered":"https:\/\/www.stand-up-annecy.com\/v3\/?page_id=2"},"modified":"2026-01-16T14:38:31","modified_gmt":"2026-01-16T13:38:31","slug":"faq-question-frequentes-a-propos-de-la-pratique-et-les-locations-de-stand-up-paddle-sur-le-lac-dannecy","status":"publish","type":"page","link":"https:\/\/www.stand-up-annecy.com\/v3\/faq-question-frequentes-a-propos-de-la-pratique-et-les-locations-de-stand-up-paddle-sur-le-lac-dannecy\/","title":{"rendered":"FAQ &#8211; Question fr\u00e9quentes \u00e0 propos de la pratique et les locations de stand up paddle sur le lac d&rsquo;Annecy"},"content":{"rendered":"<p>[et_pb_section fb_built=\u00a0\u00bb1&Prime; _builder_version=\u00a0\u00bb4.25.0&Prime; _module_preset=\u00a0\u00bbdefault\u00a0\u00bb background_image=\u00a0\u00bbhttps:\/\/www.stand-up-annecy.com\/v3\/wp-content\/uploads\/2024\/05\/location_groupe_entreprise_paddle.jpg\u00a0\u00bb custom_padding=\u00a0\u00bb||549px||false|false\u00a0\u00bb global_colors_info=\u00a0\u00bb{}\u00a0\u00bb][\/et_pb_section][et_pb_section fb_built=\u00a0\u00bb1&Prime; admin_label=\u00a0\u00bbsection\u00a0\u00bb _builder_version=\u00a0\u00bb4.16&Prime; custom_padding=\u00a0\u00bb0px|||||\u00a0\u00bb global_colors_info=\u00a0\u00bb{}\u00a0\u00bb][et_pb_row _builder_version=\u00a0\u00bb4.25.0&Prime; _module_preset=\u00a0\u00bbdefault\u00a0\u00bb global_colors_info=\u00a0\u00bb{}\u00a0\u00bb][et_pb_column type=\u00a0\u00bb4_4&Prime; _builder_version=\u00a0\u00bb4.25.0&Prime; _module_preset=\u00a0\u00bbdefault\u00a0\u00bb global_colors_info=\u00a0\u00bb{}\u00a0\u00bb][et_pb_text _builder_version=\u00a0\u00bb4.25.0&Prime; _module_preset=\u00a0\u00bbdefault\u00a0\u00bb header_font=\u00a0\u00bb|800|||||||\u00a0\u00bb global_colors_info=\u00a0\u00bb{}\u00a0\u00bb]<\/p>\n<h1 style=\"text-align: center;\">FAQ &#8211; Questions fr\u00e9quentes sur la location de paddle \u00e0 Annecy<\/h1>\n<p>[\/et_pb_text][et_pb_text _builder_version=\u00a0\u00bb4.25.0&Prime; _module_preset=\u00a0\u00bbdefault\u00a0\u00bb header_2_font_size=\u00a0\u00bb18px\u00a0\u00bb header_3_font_size=\u00a0\u00bb18px\u00a0\u00bb global_colors_info=\u00a0\u00bb{}\u00a0\u00bb]<\/p>\n<h3 style=\"text-align: center;\">Retrouvez ci-dessous quelques-unes des questions qui nous sont pos\u00e9es le plus fr\u00e9quemment \u00e0 propos de la location de stand up paddle \u00e0 Annecy&#8230;<\/h3>\n<p>[\/et_pb_text][et_pb_text _builder_version=\u00a0\u00bb4.27.5&Prime; _module_preset=\u00a0\u00bbdefault\u00a0\u00bb disabled_on=\u00a0\u00bbon|on|on\u00a0\u00bb disabled=\u00a0\u00bbon\u00a0\u00bb hover_enabled=\u00a0\u00bb0&Prime; sticky_enabled=\u00a0\u00bb0&Prime;]<\/p>\n<p>https:\/\/www.nereisocean.com\/pages\/faq<\/p>\n<p>[\/et_pb_text][\/et_pb_column][\/et_pb_row][et_pb_row column_structure=\u00a0\u00bb1_3,1_3,1_3&Prime; _builder_version=\u00a0\u00bb4.25.0&Prime; _module_preset=\u00a0\u00bbdefault\u00a0\u00bb width=\u00a0\u00bb85%\u00a0\u00bb max_width=\u00a0\u00bb85%\u00a0\u00bb global_colors_info=\u00a0\u00bb{}\u00a0\u00bb][et_pb_column type=\u00a0\u00bb1_3&Prime; _builder_version=\u00a0\u00bb4.25.0&Prime; _module_preset=\u00a0\u00bbdefault\u00a0\u00bb global_colors_info=\u00a0\u00bb{}\u00a0\u00bb][et_pb_text _builder_version=\u00a0\u00bb4.25.0&Prime; _module_preset=\u00a0\u00bbdefault\u00a0\u00bb header_2_font=\u00a0\u00bb|800|||||||\u00a0\u00bb header_2_font_size=\u00a0\u00bb30px\u00a0\u00bb global_colors_info=\u00a0\u00bb{}\u00a0\u00bb]<\/p>\n<h2 style=\"text-align: center;\">Pr\u00e9parer<br \/>une session SUP<\/h2>\n<p>[\/et_pb_text][et_pb_accordion open_toggle_background_color=\u00a0\u00bbRGBA(255,255,255,0)\u00a0\u00bb closed_toggle_background_color=\u00a0\u00bbrgba(124,178,163,0.3)\u00a0\u00bb icon_color=\u00a0\u00bb#005F73&Prime; _builder_version=\u00a0\u00bb4.27.0&Prime; _module_preset=\u00a0\u00bbdefault\u00a0\u00bb global_colors_info=\u00a0\u00bb{}\u00a0\u00bb][et_pb_accordion_item title=\u00a0\u00bbQuelles sont les bonnes conditions pour pratiquer le paddle?\u00a0\u00bb open=\u00a0\u00bbon\u00a0\u00bb _builder_version=\u00a0\u00bb4.25.1&Prime; _module_preset=\u00a0\u00bbdefault\u00a0\u00bb global_colors_info=\u00a0\u00bb{}\u00a0\u00bb]<\/p>\n<p>Les conditions m\u00e9t\u00e9o sont souvent plus favorables le matin (plan d&rsquo;eau plus calme, moins de vagues).<\/p>\n<p>Ensuite, la m\u00e9t\u00e9o est un bon indicateur pour profiter d&rsquo;une bonne session de SUP, en prenant compte notamment du vent afin de ne pas subir sa sortie !<\/p>\n<p>Vous pouvez vous faire une id\u00e9e plus pr\u00e9cise des conditions m\u00e9t\u00e9o sur le site <a href=\"https:\/\/www.windguru.cz\/178\" target=\"_blank\" rel=\"noopener\" title=\"Visitez le forecast Windguru pour le lac d'Annecy\">https:\/\/www.windguru.cz\/178<\/a><\/p>\n<p>&nbsp;<\/p>\n<p>[\/et_pb_accordion_item][et_pb_accordion_item title=\u00a0\u00bbQuelle est la temp\u00e9rature du lac d&rsquo;Annecy ?\u00a0\u00bb _builder_version=\u00a0\u00bb4.27.0&Prime; _module_preset=\u00a0\u00bbdefault\u00a0\u00bb global_colors_info=\u00a0\u00bb{}\u00a0\u00bb open=\u00a0\u00bboff\u00a0\u00bb]<\/p>\n<div class=\"et_pb_toggle_content clearfix\">\n<p>Les eaux du lac d\u2019Annecy varient entre 3\u00b0C en hiver et 27\u00b0C en \u00e9t\u00e9. <a href=\"https:\/\/www.lac-annecy.com\/meteo\/\" target=\"_blank\" rel=\"noopener\" title=\"Conna\u00eetre la temp\u00e9rature du lac d'Annecy en live\">Le plus simple est de cliquer sur ce lien sur conna\u00eetre la temp\u00e9rature en live !<\/a><\/p>\n<\/div>\n<p>[\/et_pb_accordion_item][et_pb_accordion_item title=\u00a0\u00bbFaut-il absolument r\u00e9server pour venir faire une session de paddle ?\u00a0\u00bb _builder_version=\u00a0\u00bb4.25.1&Prime; _module_preset=\u00a0\u00bbdefault\u00a0\u00bb global_colors_info=\u00a0\u00bb{}\u00a0\u00bb open=\u00a0\u00bboff\u00a0\u00bb]<\/p>\n<p>Il n&rsquo;est pas obligatoire de r\u00e9server avant de venir, mais c&rsquo;est toujours pr\u00e9f\u00e9rable, surtout si vous souhaitez :<br \/>&#8211; venir \u00e0 des horaires un peu exotique,\u00a0<br \/>&#8211; venir hors saison (de septembre \u00e0 juin),<br \/>&#8211; louer certaine(s) board(s) sp\u00e9cifique(s),<br \/>&#8211; venir en nombre \u00e0 un horaire charg\u00e9 (15h).<\/p>\n<p><em>En venant sans r\u00e9servation, il est possible que je sois aller faire une course, que je sois en r\u00e9union ou que je n&rsquo;ai plus de board de dispo&#8230;<\/em><\/p>\n<p>[\/et_pb_accordion_item][et_pb_accordion_item title=\u00a0\u00bbSi vous avez besoin de r\u00e9server, combien de temps \u00e0 l&rsquo;avance devez vous le faire ?\u00a0\u00bb _builder_version=\u00a0\u00bb4.25.1&Prime; _module_preset=\u00a0\u00bbdefault\u00a0\u00bb global_colors_info=\u00a0\u00bb{}\u00a0\u00bb open=\u00a0\u00bboff\u00a0\u00bb]<\/p>\n<p>Il n&rsquo;y a pas de r\u00e8gle, r\u00e9servez en ligne ou par t\u00e9l\u00e9phone lorsque vous avez une id\u00e9e assez pr\u00e9cise de quand vous souhaitez venir et de combien vous serez : je m&rsquo;adapterai au mieux ; )<\/p>\n<p>[\/et_pb_accordion_item][et_pb_accordion_item title=\u00a0\u00bbFaut-il \u00eatre sportif pour faire du paddle ?\u00a0\u00bb _builder_version=\u00a0\u00bb4.25.0&Prime; _module_preset=\u00a0\u00bbdefault\u00a0\u00bb global_colors_info=\u00a0\u00bb{}\u00a0\u00bb open=\u00a0\u00bboff\u00a0\u00bb]<\/p>\n<p>Oui et non. Il faut n\u00e9anmoins \u00eatre en bonne forme physique et motiv\u00e9 !<br \/><span>La pratique du stand up paddle est accessible \u00e0 tous, cependant il est imp\u00e9ratif de savoir nager.<\/span><\/p>\n<p>[\/et_pb_accordion_item][et_pb_accordion_item title=\u00a0\u00bbA partir de quel \u00e2ge peut-on faire du stand-up paddle ?\u00a0\u00bb _builder_version=\u00a0\u00bb4.25.0&Prime; _module_preset=\u00a0\u00bbdefault\u00a0\u00bb global_colors_info=\u00a0\u00bb{}\u00a0\u00bb open=\u00a0\u00bboff\u00a0\u00bb]<\/p>\n<p>A partir de 5 ou 6 ans, en fonction de l&rsquo;affectif aquatique (gilet obligatoire) et \u00e0 condition de savoir nager, les enfants peuvent pratiquer le stand up paddle. Pour les plus petits, il est possible de s\u2019asseoir de partager sa planche avec un adulte ou de faire du paddle en famille sur nos boards tandems ou g\u00e9antes.<\/p>\n<p>[\/et_pb_accordion_item][et_pb_accordion_item title=\u00a0\u00bbJ&rsquo;ai re\u00e7u un bon cadeau, comment puis-je l&rsquo;utiliser ?\u00a0\u00bb _builder_version=\u00a0\u00bb4.25.0&Prime; _module_preset=\u00a0\u00bbdefault\u00a0\u00bb global_colors_info=\u00a0\u00bb{}\u00a0\u00bb open=\u00a0\u00bboff\u00a0\u00bb]<\/p>\n<p>Il ne vous reste plus qu&rsquo;\u00e0 nous contacter par mail ou t\u00e9l\u00e9phone pour r\u00e9server et profiter de votre session !<\/p>\n<p>[\/et_pb_accordion_item][et_pb_accordion_item title=\u00a0\u00bbQuel est le tarif pour une personne suppl\u00e9mentaire sur un paddle ?\u00a0\u00bb _builder_version=\u00a0\u00bb4.25.1&Prime; _module_preset=\u00a0\u00bbdefault\u00a0\u00bb global_colors_info=\u00a0\u00bb{}\u00a0\u00bb open=\u00a0\u00bboff\u00a0\u00bb]<\/p>\n<p>Que ce soit un enfant, un ado qui ne veut pas pagayer ou m\u00eame une envie de d\u00e9tente, venez profiter des plaisirs du SUP sur la planche de quelqu&rsquo;un d&rsquo;autre pour 5\u20ac ! Ce tarif comprend l&rsquo;\u00e9quipement de s\u00e9curit\u00e9 ainsi que la gestion administrative.<\/p>\n<p>[\/et_pb_accordion_item][\/et_pb_accordion][\/et_pb_column][et_pb_column type=\u00a0\u00bb1_3&Prime; _builder_version=\u00a0\u00bb4.25.0&Prime; _module_preset=\u00a0\u00bbdefault\u00a0\u00bb global_colors_info=\u00a0\u00bb{}\u00a0\u00bb][et_pb_text _builder_version=\u00a0\u00bb4.25.0&Prime; _module_preset=\u00a0\u00bbdefault\u00a0\u00bb header_2_font=\u00a0\u00bb|800|||||||\u00a0\u00bb header_2_font_size=\u00a0\u00bb30px\u00a0\u00bb global_colors_info=\u00a0\u00bb{}\u00a0\u00bb]<\/p>\n<h2 style=\"text-align: center;\">S&rsquo;\u00e9quiper <br \/>pour une location<\/h2>\n<p>[\/et_pb_text][et_pb_accordion open_toggle_background_color=\u00a0\u00bbRGBA(255,255,255,0)\u00a0\u00bb closed_toggle_background_color=\u00a0\u00bbrgba(124,178,163,0.3)\u00a0\u00bb icon_color=\u00a0\u00bb#005F73&Prime; _builder_version=\u00a0\u00bb4.27.4&Prime; _module_preset=\u00a0\u00bbdefault\u00a0\u00bb global_colors_info=\u00a0\u00bb{}\u00a0\u00bb][et_pb_accordion_item title=\u00a0\u00bbQuels sont les \u00e9quipements fournis ?\u00a0\u00bb open=\u00a0\u00bbon\u00a0\u00bb _builder_version=\u00a0\u00bb4.25.1&Prime; _module_preset=\u00a0\u00bbdefault\u00a0\u00bb global_colors_info=\u00a0\u00bb{}\u00a0\u00bb]<\/p>\n<p>La location comprend la board de stand up paddle, la\/les pagaies, ainsi que les gilets de sauvetage. Plusieurs types de boards sont \u00e0 disposition selon votre pratique (Allround, touring, racing).<\/p>\n<p>En fonction de la saison et de la temp\u00e9rature du lac des \u00e9quipements thermiques sont pr\u00eat\u00e9s ou lou\u00e9s en fonction de leur qualit\u00e9.<br \/>&#8211; Des tops en Lycra UV Protect peuvent \u00eatre fournis sur demande \u00e0 titre gracieux dans la limite des stocks disponibles.<br \/>&#8211; Des combinaisons d&rsquo;entr\u00e9e de gamme peuvent \u00e9galement \u00eatre fournies \u00e0 titre gracieux dans la limite des stocks disponibles.<br \/>&#8211; Les combinaisons performantes sont disponibles \u00e0 la location \u00e0 partir de 5\u20ac dans certaines tailles standards (renseignez-vous directement sur place).<\/p>\n<p>[\/et_pb_accordion_item][et_pb_accordion_item title=\u00a0\u00bbQuel \u00e9quipement doit-on apporter ?\u00a0\u00bb _builder_version=\u00a0\u00bb4.25.0&Prime; _module_preset=\u00a0\u00bbdefault\u00a0\u00bb global_colors_info=\u00a0\u00bb{}\u00a0\u00bb open=\u00a0\u00bboff\u00a0\u00bb]<\/p>\n<p>Nous vous conseillons d&rsquo;amener :<\/p>\n<ul>\n<li>Une tenue pour la baignade et une serviette<\/li>\n<li>Des protections solaires (cr\u00e8me respectueuse de l&rsquo;environnement, casquette\/chapeau&#8230;)<\/li>\n<li>Une gourde<\/li>\n<\/ul>\n<p>[\/et_pb_accordion_item][et_pb_accordion_item title=\u00a0\u00bbPeut-on garer les v\u00e9los sur place ?\u00a0\u00bb _builder_version=\u00a0\u00bb4.27.4&Prime; _module_preset=\u00a0\u00bbdefault\u00a0\u00bb global_colors_info=\u00a0\u00bb{}\u00a0\u00bb open=\u00a0\u00bboff\u00a0\u00bb]<\/p>\n<p>Oui, bien s\u00fbr, vous pouvez laissez votre v\u00e9lo sur place, contre la haie dans le jardin, tout simplement.<strong><\/strong><\/p>\n<p>[\/et_pb_accordion_item][et_pb_accordion_item title=\u00a0\u00bbPuis-je porter des lunettes de vue ou de soleil ?\u00a0\u00bb _builder_version=\u00a0\u00bb4.25.0&Prime; _module_preset=\u00a0\u00bbdefault\u00a0\u00bb global_colors_info=\u00a0\u00bb{}\u00a0\u00bb open=\u00a0\u00bboff\u00a0\u00bb]<\/p>\n<p>Oui, mais nous vous conseillons de pr\u00e9voir de quoi les attacher afin d\u2019\u00e9viter de les perdre au fond du lac.<\/p>\n<p>[\/et_pb_accordion_item][et_pb_accordion_item title=\u00a0\u00bbQuels sont les modes de paiement accept\u00e9s ?\u00a0\u00bb _builder_version=\u00a0\u00bb4.25.0&Prime; _module_preset=\u00a0\u00bbdefault\u00a0\u00bb global_colors_info=\u00a0\u00bb{}\u00a0\u00bb open=\u00a0\u00bboff\u00a0\u00bb]<\/p>\n<p>Nous acceptons les esp\u00e8ces, les\u00a0ch\u00e8ques et virements bancaires.<\/p>\n<p><strong>Pas de CB.<\/strong><\/p>\n<p>[\/et_pb_accordion_item][et_pb_accordion_item title=\u00a0\u00bbEst-ce qu&rsquo;il y a des casiers pour laisser les affaires ?\u00a0\u00bb _builder_version=\u00a0\u00bb4.27.4&Prime; _module_preset=\u00a0\u00bbdefault\u00a0\u00bb global_colors_info=\u00a0\u00bb{}\u00a0\u00bb open=\u00a0\u00bboff\u00a0\u00bb]<\/p>\n<p>Il n&rsquo;y a pas de casiers \u00e0 proprement parler, mais vous pouvez laisser vos affaires sur place, nous veillerons \u00e0 ce que rien ne bouge !<\/p>\n<p>[\/et_pb_accordion_item][\/et_pb_accordion][\/et_pb_column][et_pb_column type=\u00a0\u00bb1_3&Prime; _builder_version=\u00a0\u00bb4.25.0&Prime; _module_preset=\u00a0\u00bbdefault\u00a0\u00bb global_colors_info=\u00a0\u00bb{}\u00a0\u00bb][et_pb_text _builder_version=\u00a0\u00bb4.25.1&Prime; _module_preset=\u00a0\u00bbdefault\u00a0\u00bb header_2_font=\u00a0\u00bb|800|||||||\u00a0\u00bb header_2_font_size=\u00a0\u00bb30px\u00a0\u00bb global_colors_info=\u00a0\u00bb{}\u00a0\u00bb]<\/p>\n<h2 style=\"text-align: center;\">Pratiquer <br \/>le stand up paddle<\/h2>\n<p>[\/et_pb_text][et_pb_accordion open_toggle_background_color=\u00a0\u00bbRGBA(255,255,255,0)\u00a0\u00bb closed_toggle_background_color=\u00a0\u00bbrgba(124,178,163,0.3)\u00a0\u00bb icon_color=\u00a0\u00bb#005F73&Prime; _builder_version=\u00a0\u00bb4.25.0&Prime; _module_preset=\u00a0\u00bbdefault\u00a0\u00bb global_colors_info=\u00a0\u00bb{}\u00a0\u00bb][et_pb_accordion_item title=\u00a0\u00bbNos conditions de location\u00a0\u00bb open=\u00a0\u00bbon\u00a0\u00bb _builder_version=\u00a0\u00bb4.25.0&Prime; _module_preset=\u00a0\u00bbdefault\u00a0\u00bb global_colors_info=\u00a0\u00bb{}\u00a0\u00bb]<\/p>\n<p>La location comprend le paddle, la\/les pagaies, ainsi que les gilets de sauvetage.<br \/>Le port du gilet est obligatoire.<br \/>Savoir nager est imp\u00e9ratif.<br \/>Respecter la zone de navigation et une distance de 50m par rapport au front des roseli\u00e8res.<br \/><strong><a href=\"https:\/\/www.haute-savoie.gouv.fr\/Actions-de-l-Etat\/Vos-loisirs\/Lacs-et-cours-d-eau\/Naviguer-sur-le-lac-d-Annecy\" target=\"_blank\" rel=\"noopener\" title=\"&gt; Consultez le R\u00e8glement de Police Particulier relatif \u00e0 la navigation sur le lac d'Annecy\">&gt; Consultez le R\u00e8glement de Police Particulier relatif \u00e0 la navigation sur le lac d&rsquo;Annecy<\/a><\/strong><\/p>\n<p>[\/et_pb_accordion_item][et_pb_accordion_item title=\u00a0\u00bbJ&rsquo;ai mon propre \u00e9quipement, puis je accompagner mes amis avec ?\u00a0\u00bb _builder_version=\u00a0\u00bb4.25.0&Prime; _module_preset=\u00a0\u00bbdefault\u00a0\u00bb global_colors_info=\u00a0\u00bb{}\u00a0\u00bb open=\u00a0\u00bboff\u00a0\u00bb]<\/p>\n<p>Si vous avez votre propre mat\u00e9riel en \u00e9tat d&rsquo;utilisation, vous pouvez tout \u00e0 fait accompagner vos amis en location.<\/p>\n<p>Attention toutefois si vous pr\u00e9voyez d\u2019utiliser votre propre mat\u00e9riel au lac d\u2019Annecy alors que vous venez d\u2019un autre plan d\u2019eau (Lac du Bourget et L\u00e9man par exemple), pensez \u00e0 respecter le protocole de protection contre les esp\u00e8ces exotiques envahissantes avec un nettoyage rigoureux de votre mat\u00e9riel avant mise \u00e0 l&rsquo;eau. <strong><br \/><a href=\"https:\/\/www.sila.fr\/wp-content\/uploads\/2022\/05\/2022-05_SILA_SupportInfoQuagga_compressed.pdf\" title=\"Sensibilisation esp\u00e8ces exotiques mena\u00e7antes\" target=\"_blank\" rel=\"noopener\">&gt; Pour plus d&rsquo;informations, c&rsquo;est par ici !<\/a><\/strong><\/p>\n<p>[\/et_pb_accordion_item][et_pb_accordion_item title=\u00a0\u00bbEn cas d&rsquo;urgence sur l&rsquo;eau\u00a0\u00bb _builder_version=\u00a0\u00bb4.25.0&Prime; _module_preset=\u00a0\u00bbdefault\u00a0\u00bb global_colors_info=\u00a0\u00bb{}\u00a0\u00bb open=\u00a0\u00bboff\u00a0\u00bb]<\/p>\n<p>Si vous vous retrouvez en difficult\u00e9 au large avec votre paddle, surtout ne pas laisser la board pour rentrer \u00e0 la nage (\u00e0 moins d\u2019\u00eatre Florent Manaudou ?).<\/p>\n<p>Si vous vous sentez d\u00e9river, essayer la pratique \u00e0 genoux ou alors allonger vous sur le ventre, remonter la pagaie sur la planche coinc\u00e9e sous votre torse et ramer avec vos bras en direction du bord le plus proche.<\/p>\n<p>[\/et_pb_accordion_item][\/et_pb_accordion][\/et_pb_column][\/et_pb_row][et_pb_row _builder_version=\u00a0\u00bb4.25.0&Prime; _module_preset=\u00a0\u00bbdefault\u00a0\u00bb global_colors_info=\u00a0\u00bb{}\u00a0\u00bb][et_pb_column type=\u00a0\u00bb4_4&Prime; _builder_version=\u00a0\u00bb4.25.0&Prime; _module_preset=\u00a0\u00bbdefault\u00a0\u00bb global_colors_info=\u00a0\u00bb{}\u00a0\u00bb][et_pb_text _builder_version=\u00a0\u00bb4.25.1&Prime; _module_preset=\u00a0\u00bbdefault\u00a0\u00bb header_2_font_size=\u00a0\u00bb18px\u00a0\u00bb header_3_font_size=\u00a0\u00bb18px\u00a0\u00bb global_colors_info=\u00a0\u00bb{}\u00a0\u00bb]<\/p>\n<h3 style=\"text-align: center;\">Maintenant que vous savez tout ou presque, n&rsquo;h\u00e9sitez pas \u00e0 r\u00e9server en ligne&#8230;<\/h3>\n<p>[\/et_pb_text][et_pb_button button_url=\u00a0\u00bb@ET-DC@eyJkeW5hbWljIjp0cnVlLCJjb250ZW50IjoicG9zdF9saW5rX3VybF9wYWdlIiwic2V0dGluZ3MiOnsicG9zdF9pZCI6IjI4NSJ9fQ==@\u00a0\u00bb button_text=\u00a0\u00bbR\u00e9servez votre session\u00a0\u00bb button_alignment=\u00a0\u00bbcenter\u00a0\u00bb _builder_version=\u00a0\u00bb4.25.0&Prime; _dynamic_attributes=\u00a0\u00bbbutton_url\u00a0\u00bb button_text_color_hover=\u00a0\u00bb#747d88&Prime; button_border_color_hover=\u00a0\u00bb#747d88&Prime; button_letter_spacing_hover=\u00a0\u00bb2px\u00a0\u00bb button_bg_color_hover=\u00a0\u00bbrgba(0,0,0,0)\u00a0\u00bb locked=\u00a0\u00bboff\u00a0\u00bb global_colors_info=\u00a0\u00bb{}\u00a0\u00bb button_one_text_size__hover_enabled=\u00a0\u00bboff\u00a0\u00bb button_two_text_size__hover_enabled=\u00a0\u00bboff\u00a0\u00bb button_one_text_color__hover_enabled=\u00a0\u00bboff\u00a0\u00bb button_two_text_color__hover_enabled=\u00a0\u00bboff\u00a0\u00bb button_one_border_width__hover_enabled=\u00a0\u00bboff\u00a0\u00bb button_two_border_width__hover_enabled=\u00a0\u00bboff\u00a0\u00bb button_one_border_color__hover_enabled=\u00a0\u00bboff\u00a0\u00bb button_two_border_color__hover_enabled=\u00a0\u00bboff\u00a0\u00bb button_one_border_radius__hover_enabled=\u00a0\u00bboff\u00a0\u00bb button_two_border_radius__hover_enabled=\u00a0\u00bboff\u00a0\u00bb button_one_letter_spacing__hover_enabled=\u00a0\u00bboff\u00a0\u00bb button_two_letter_spacing__hover_enabled=\u00a0\u00bboff\u00a0\u00bb button_one_bg_color__hover_enabled=\u00a0\u00bboff\u00a0\u00bb button_two_bg_color__hover_enabled=\u00a0\u00bboff\u00a0\u00bb][\/et_pb_button][\/et_pb_column][\/et_pb_row][\/et_pb_section][et_pb_section fb_built=\u00a0\u00bb1&Prime; _builder_version=\u00a0\u00bb4.25.0&Prime; _module_preset=\u00a0\u00bbdefault\u00a0\u00bb custom_padding=\u00a0\u00bb0px||0px||false|false\u00a0\u00bb global_colors_info=\u00a0\u00bb{}\u00a0\u00bb][et_pb_row _builder_version=\u00a0\u00bb4.25.0&Prime; _module_preset=\u00a0\u00bbdefault\u00a0\u00bb width=\u00a0\u00bb100%\u00a0\u00bb max_width=\u00a0\u00bb2560px\u00a0\u00bb custom_padding=\u00a0\u00bb0px||0px||true|false\u00a0\u00bb global_colors_info=\u00a0\u00bb{}\u00a0\u00bb][et_pb_column type=\u00a0\u00bb4_4&Prime; _builder_version=\u00a0\u00bb4.25.0&Prime; _module_preset=\u00a0\u00bbdefault\u00a0\u00bb global_colors_info=\u00a0\u00bb{}\u00a0\u00bb][et_pb_image src=\u00a0\u00bbhttps:\/\/www.stand-up-annecy.com\/v3\/wp-content\/uploads\/2024\/05\/ray_air_touring_paddle_rose_annecy_sevrier.jpg\u00a0\u00bb title_text=\u00a0\u00bbray_air_touring_paddle_rose_annecy_sevrier\u00a0\u00bb _builder_version=\u00a0\u00bb4.25.0&Prime; _module_preset=\u00a0\u00bbdefault\u00a0\u00bb global_colors_info=\u00a0\u00bb{}\u00a0\u00bb][\/et_pb_image][\/et_pb_column][\/et_pb_row][\/et_pb_section]<\/p>\n","protected":false},"excerpt":{"rendered":"<p>FAQ &#8211; Questions fr\u00e9quentes sur la location de paddle \u00e0 AnnecyRetrouvez ci-dessous quelques-unes des questions qui nous sont pos\u00e9es le plus fr\u00e9quemment \u00e0 propos de la location de stand up paddle \u00e0 Annecy&#8230;https:\/\/www.nereisocean.com\/pages\/faqPr\u00e9parerune session SUPLes conditions m\u00e9t\u00e9o sont souvent plus favorables le matin (plan d&rsquo;eau plus calme, moins de vagues). Ensuite, la m\u00e9t\u00e9o est un [&hellip;]<\/p>\n","protected":false},"author":1,"featured_media":0,"parent":0,"menu_order":0,"comment_status":"closed","ping_status":"closed","template":"","meta":{"_seopress_robots_primary_cat":"","_seopress_titles_title":"Questions fr\u00e9quentes : pratique & location stand up paddle Annecy","_seopress_titles_desc":"La location inclut la board de paddle, la pagaie et le gilet de sauvetage. 3 types de boards sont disponibles selon votre pratique (Allround, touring, racing)","_seopress_robots_index":"","_et_pb_use_builder":"on","_et_pb_old_content":"<!-- wp:paragraph -->\n<p>Ceci est une page d\u2019exemple. C\u2019est diff\u00e9rent d\u2019un article de blog parce qu\u2019elle restera au m\u00eame endroit et appara\u00eetra dans la navigation de votre site (dans la plupart des th\u00e8mes). La plupart des gens commencent par une page \u00ab\u00a0\u00c0 propos\u00a0\u00bb qui les pr\u00e9sente aux personnes visitant le site. Cela pourrait ressembler \u00e0 quelque chose comme cela\u00a0:<\/p>\n<!-- \/wp:paragraph -->\n\n<!-- wp:quote -->\n<blockquote class=\"wp-block-quote\"><p>Bonjour\u00a0! Je suis un m\u00e9canicien qui aspire \u00e0 devenir acteur, et voici mon site. J\u2019habite \u00e0 Bordeaux, j\u2019ai un super chien baptis\u00e9 Russell, et j\u2019aime la vodka (ainsi qu\u2019\u00eatre surpris par la pluie soudaine lors de longues balades sur la plage au coucher du soleil).<\/p><\/blockquote>\n<!-- \/wp:quote -->\n\n<!-- wp:paragraph -->\n<p>\u2026ou quelque chose comme cela\u00a0:<\/p>\n<!-- \/wp:paragraph -->\n\n<!-- wp:quote -->\n<blockquote class=\"wp-block-quote\"><p>La soci\u00e9t\u00e9 123 Machin Truc a \u00e9t\u00e9 cr\u00e9\u00e9e en 1971, et n\u2019a cess\u00e9 de proposer au public des machins-trucs de qualit\u00e9 depuis lors. Situ\u00e9e \u00e0 Saint-Remy-en-Bouzemont-Saint-Genest-et-Isson, 123 Machin Truc emploie 2 000 personnes, et fabrique toutes sortes de bidules supers pour la communaut\u00e9 bouzemontoise.<\/p><\/blockquote>\n<!-- \/wp:quote -->\n\n<!-- wp:paragraph -->\n<p>En tant que nouvel utilisateur ou utilisatrice de WordPress, vous devriez vous rendre sur <a href=\"https:\/\/www.stand-up-annecy.com\/v3\/wp-admin\/\">votre tableau de bord<\/a> pour supprimer cette page et cr\u00e9er de nouvelles pages pour votre contenu. Amusez-vous bien\u00a0!<\/p>\n<!-- \/wp:paragraph -->","_et_gb_content_width":"","footnotes":""},"class_list":["post-2","page","type-page","status-publish","hentry"],"_links":{"self":[{"href":"https:\/\/www.stand-up-annecy.com\/v3\/wp-json\/wp\/v2\/pages\/2","targetHints":{"allow":["GET"]}}],"collection":[{"href":"https:\/\/www.stand-up-annecy.com\/v3\/wp-json\/wp\/v2\/pages"}],"about":[{"href":"https:\/\/www.stand-up-annecy.com\/v3\/wp-json\/wp\/v2\/types\/page"}],"author":[{"embeddable":true,"href":"https:\/\/www.stand-up-annecy.com\/v3\/wp-json\/wp\/v2\/users\/1"}],"replies":[{"embeddable":true,"href":"https:\/\/www.stand-up-annecy.com\/v3\/wp-json\/wp\/v2\/comments?post=2"}],"version-history":[{"count":43,"href":"https:\/\/www.stand-up-annecy.com\/v3\/wp-json\/wp\/v2\/pages\/2\/revisions"}],"predecessor-version":[{"id":1051,"href":"https:\/\/www.stand-up-annecy.com\/v3\/wp-json\/wp\/v2\/pages\/2\/revisions\/1051"}],"wp:attachment":[{"href":"https:\/\/www.stand-up-annecy.com\/v3\/wp-json\/wp\/v2\/media?parent=2"}],"curies":[{"name":"wp","href":"https:\/\/api.w.org\/{rel}","templated":true}]}}